{"id":39,"date":"2017-02-26T15:17:34","date_gmt":"2017-02-26T15:17:34","guid":{"rendered":"http:\/\/gminnesprawy.home.pl\/autoinstalator\/wordpress\/?page_id=39"},"modified":"2025-10-13T10:54:01","modified_gmt":"2025-10-13T10:54:01","slug":"duszpasterze","status":"publish","type":"page","link":"https:\/\/parafiawegliniec.pl\/?page_id=39","title":{"rendered":"Duszpasterze"},"content":{"rendered":"\n<p><strong>ADMINISTRATOR PARAFII<\/strong><\/p>\n\n\n\n<p>ks. Daniel Ko\u015bcielny<\/p>\n\n\n<hr \/>\n<p><strong>PROBOSZCZOWIE PARAFII W W\u0118GLI\u0143CU<\/strong><\/p>\n<p>Ks. Willibald Fruntke (do 1946)<br \/>Ks. Ludwik Gilewski (1946 \u2013 1952)<br \/>Ks. Andrzej Jankowski (1952 \u2013 1955)<br \/>Ks. Emilian Pisarski (1955 \u2013 1958)<br \/>Ks. Bronis\u0142aw Ma\u015blanka (1956 \u2013 1976)<br \/>Ks. W\u0142adys\u0142aw Szuka\u0142a (1976 \u2013 1977)<br \/>Ks. Tadeusz Jaworski (1977 \u2013 2001)<br \/>Ks. Ludwik Solecki (2001 &#8211; 2006)<br \/>Ks. Ryszard Wo\u0142owski (2006 &#8211; 2010)<br \/>Ks. Przemys\u0142aw S\u0142yszko (2010 &#8211; 2020)<br \/>Ks. Pawe\u0142 Wo\u0142cza\u0144ski (2020 &#8211; 2022)<br \/>Ks. Janusz Kozyra (2022 &#8211; XII 2023)<br \/>Ks. Andrzej Jarosiewicz (od XII 2023)<\/p>\n<hr \/>\n<p><strong>WIKARIUSZE PARAFII W W\u0118GLI\u0143CU<\/strong><br \/>ks. Jerzy Gurbski<br \/>ks. Szczepan Szostak<br \/>ks. W\u0142adys\u0142aw P\u0142aszczyk<br \/>ks. W\u0142adys\u0142aw Szuka\u0142a<br \/>ks. Jerzy Porzezi\u0144ski<br \/>ks. Zdzis\u0142aw B\u0119tkowski<br \/>ks. Boles\u0142aw Ka\u0142u\u017ca<br \/>ks. Jerzy Hoffmann<br \/>ks. Ryszard Jakubowski<br \/>ks. Stanis\u0142aw Budny<br \/>ks. Eugeniusz Golinowski<br \/>ks. Stanis\u0142awa Kusy<br \/>ks. Micha\u0142 P\u0119kalski<br \/>ks. Kazimierz Meler<br \/>ks. Piotr Kawalec<br \/>ks. Jerzy Kruk<br \/>ks. Jan Dudzi\u0144ski<br \/>ks. Wincenty Tokarz<br \/>ks. Tadeusz Wn\u0119ka<br \/>ks. J\u00f3zef Kijak<br \/>ks. Stanis\u0142aw Janicki<br \/>ks. Stanis\u0142aw Lechowski<br \/>ks. Ludwik Sosnowski<br \/>ks. Kazimierz Kloc<br \/>ks. Ryszard Szul<br \/>ks. Grzegorz Staniewski<br \/>ks. Leszek Sa\u0142\u0119ga<br \/>ks. Tomasz Zygmunt<br \/>ks. Janusz Barski<br \/>ks. Pawe\u0142 Opala<br \/>ks. Krzysztof Lewicki<br \/>ks. Przemys\u0142aw Burnos<br \/>ks. Daniel Prentki<br \/>od 01.12.2013 &#8211; vacat<\/p>\n<hr \/>\n<p><strong>REZYDENCI PARAFII<\/strong><br \/>ks. Andrzej Duda (2020 &#8211; 2022)<\/p>\n<hr \/>\n<p><strong>SIOSTRY ZAKONNE KT\u00d3RE S\u0141U\u017bY\u0141Y W PARAFII W\u0118GLINIEC<\/strong><br \/>Siostry ze Zgromadzenia S\u0142u\u017cebniczek NMP m.in.:<br \/>s. Michalina<br \/>s. Hilaria<\/p>\n\n\n<div class=\"wp-container-3 wp-block-group\"><div class=\"wp-block-group__inner-container\">\n<figure class=\"wp-container-2 wp-block-gallery-1 wp-block-gallery aligncenter has-nested-images columns-default is-cropped\"><\/figure>\n<\/div><\/div>\n","protected":false},"excerpt":{"rendered":"<p>ADMINISTRATOR PARAFII ks. Daniel Ko\u015bcielny PROBOSZCZOWIE PARAFII W W\u0118GLI\u0143CU Ks. Willibald Fruntke (do 1946)Ks. Ludwik Gilewski (1946 \u2013 1952)Ks. Andrzej Jankowski (1952 \u2013 1955)Ks. Emilian Pisarski (1955 \u2013 1958)Ks. Bronis\u0142aw Ma\u015blanka (1956 \u2013 1976)Ks. W\u0142adys\u0142aw Szuka\u0142a (1976 \u2013 1977)Ks. Tadeusz Jaworski (1977 \u2013 2001)Ks. Ludwik Solecki (2001 &#8211; 2006)Ks. Ryszard Wo\u0142owski (2006 &#8211; 2010)Ks. Przemys\u0142aw [&hellip;]<\/p>\n","protected":false},"author":1,"featured_media":0,"parent":0,"menu_order":0,"comment_status":"closed","ping_status":"closed","template":"","meta":[],"_links":{"self":[{"href":"https:\/\/parafiawegliniec.pl\/index.php?rest_route=\/wp\/v2\/pages\/39"}],"collection":[{"href":"https:\/\/parafiawegliniec.pl\/index.php?rest_route=\/wp\/v2\/pages"}],"about":[{"href":"https:\/\/parafiawegliniec.pl\/index.php?rest_route=\/wp\/v2\/types\/page"}],"author":[{"embeddable":true,"href":"https:\/\/parafiawegliniec.pl\/index.php?rest_route=\/wp\/v2\/users\/1"}],"replies":[{"embeddable":true,"href":"https:\/\/parafiawegliniec.pl\/index.php?rest_route=%2Fwp%2Fv2%2Fcomments&post=39"}],"version-history":[{"count":28,"href":"https:\/\/parafiawegliniec.pl\/index.php?rest_route=\/wp\/v2\/pages\/39\/revisions"}],"predecessor-version":[{"id":3624,"href":"https:\/\/parafiawegliniec.pl\/index.php?rest_route=\/wp\/v2\/pages\/39\/revisions\/3624"}],"wp:attachment":[{"href":"https:\/\/parafiawegliniec.pl\/index.php?rest_route=%2Fwp%2Fv2%2Fmedia&parent=39"}],"curies":[{"name":"wp","href":"https:\/\/api.w.org\/{rel}","templated":true}]}}